{"id":7,"date":"2016-10-12T13:54:44","date_gmt":"2016-10-12T11:54:44","guid":{"rendered":"http:\/\/www.weingut-im-moselkrampen.de\/?page_id=7"},"modified":"2016-12-23T10:57:20","modified_gmt":"2016-12-23T09:57:20","slug":"sense","status":"publish","type":"page","link":"https:\/\/www.weingut-im-moselkrampen.de\/de_de\/sense\/","title":{"rendered":"Sense"},"content":{"rendered":"<p><img loading=\"lazy\" decoding=\"async\" class=\"size-medium wp-image-105 alignright\" src=\"http:\/\/www.weingut-im-moselkrampen.de\/wp-content\/uploads\/2016\/10\/Sense-300x225.jpg\" alt=\"sense\" width=\"300\" height=\"225\" srcset=\"https:\/\/www.weingut-im-moselkrampen.de\/wp-content\/uploads\/2016\/10\/Sense-300x225.jpg 300w, https:\/\/www.weingut-im-moselkrampen.de\/wp-content\/uploads\/2016\/10\/Sense.jpg 600w\" sizes=\"auto, (max-width: 300px) 100vw, 300px\" \/>Die Sense ist eine alte Strau\u00dfwirtschaft in Ellenz, die wir\u00a0vor rund f\u00fcnf Jahren mit der Hilfe zahlreicher Freunde renoviert haben. Die Idee hierzu entstand eines abends, als\u00a0nach dem Genuss einiger Flaschen Riesling bem\u00e4ngelt wurde, dass es in Ellenz f\u00fcr junge Leute keine M\u00f6glichkeit g\u00e4be \u201emal Party zu machen\u201c.<\/p>\n<p>Gesagt getan, so sind wir an der Mosel, wurde am n\u00e4chsten Morgen trotz Erm\u00fcdungserscheinungen die alte Strau\u00dfwirtschaft begutachtet und kurz darauf mit den R\u00e4umarbeiten begonnen. Nachdem die Einweihungsfete sehr gut ankam und ein Jahr lang viel gefeiert wurden, kam die Idee auf, die Sense am allj\u00e4hrlichen Winzerhoffest zu er\u00f6ffnen, um eine Alternative zu den klassischen Winzerh\u00f6fen zu bieten.<\/p>\n<p>Und gesagt getan, so sind wir an der Mosel: Wenn Sie am dritten Septemberwochenende nach Ellenz\u00a0kommen und Lust auf ein Glas von unserem Wein, oder auf einen leckeren Cocktail (mit ausschlie\u00dflich eigenen Weinen, Lik\u00f6ren und Br\u00e4nden) haben, schauen Sie doch mal in der Sense vorbei und erleben uns\u00a0live und in Aktion!<br \/>\nUnd eine Sache ist in Ellenz einzigartig: Wenn zu sp\u00e4ter Stunde in weinfreudiger Runde jemand den Satz: \u201eJetzt ist aber Sense!\u201c \u00e4u\u00dfert, ist dies auf keinen Fall eine Aufforderung nachhause zu gehen\u2026<\/p>\n","protected":false},"excerpt":{"rendered":"<p>Die Sense ist eine alte Strau\u00dfwirtschaft in Ellenz, die wir\u00a0vor rund f\u00fcnf Jahren mit der Hilfe zahlreicher Freunde renoviert haben. Die Idee hierzu entstand eines abends, als\u00a0nach dem Genuss einiger Flaschen Riesling bem\u00e4ngelt wurde, dass es in Ellenz f\u00fcr junge Leute keine M\u00f6glichkeit g\u00e4be \u201emal Party zu machen\u201c. Gesagt getan, so sind wir an der [&hellip;]<\/p>\n","protected":false},"author":1,"featured_media":105,"parent":0,"menu_order":0,"comment_status":"closed","ping_status":"closed","template":"","meta":{"footnotes":""},"class_list":["post-7","page","type-page","status-publish","has-post-thumbnail","hentry","post","post-with-thumbnail","post-with-thumbnail-large"],"_links":{"self":[{"href":"https:\/\/www.weingut-im-moselkrampen.de\/de_de\/wp-json\/wp\/v2\/pages\/7","targetHints":{"allow":["GET"]}}],"collection":[{"href":"https:\/\/www.weingut-im-moselkrampen.de\/de_de\/wp-json\/wp\/v2\/pages"}],"about":[{"href":"https:\/\/www.weingut-im-moselkrampen.de\/de_de\/wp-json\/wp\/v2\/types\/page"}],"author":[{"embeddable":true,"href":"https:\/\/www.weingut-im-moselkrampen.de\/de_de\/wp-json\/wp\/v2\/users\/1"}],"replies":[{"embeddable":true,"href":"https:\/\/www.weingut-im-moselkrampen.de\/de_de\/wp-json\/wp\/v2\/comments?post=7"}],"version-history":[{"count":10,"href":"https:\/\/www.weingut-im-moselkrampen.de\/de_de\/wp-json\/wp\/v2\/pages\/7\/revisions"}],"predecessor-version":[{"id":643,"href":"https:\/\/www.weingut-im-moselkrampen.de\/de_de\/wp-json\/wp\/v2\/pages\/7\/revisions\/643"}],"wp:featuredmedia":[{"embeddable":true,"href":"https:\/\/www.weingut-im-moselkrampen.de\/de_de\/wp-json\/wp\/v2\/media\/105"}],"wp:attachment":[{"href":"https:\/\/www.weingut-im-moselkrampen.de\/de_de\/wp-json\/wp\/v2\/media?parent=7"}],"curies":[{"name":"wp","href":"https:\/\/api.w.org\/{rel}","templated":true}]}}